{"id":132,"date":"2021-07-11T23:20:46","date_gmt":"2021-07-12T03:20:46","guid":{"rendered":"https:\/\/candance.ca\/?page_id=132"},"modified":"2023-04-06T09:51:59","modified_gmt":"2023-04-06T13:51:59","slug":"qui-sommes-nous","status":"publish","type":"page","link":"https:\/\/candance.ca\/fr\/qui-sommes-nous\/","title":{"rendered":"Qui sommes-nous"},"content":{"rendered":"\n<div class=\"wp-block-media-text alignfull has-media-on-the-right is-stacked-on-mobile is-image-fill has-white-color has-text-color has-background\" style=\"background-color:#1b1e29;grid-template-columns:auto 39%\"><div class=\"wp-block-media-text__content\">\n<h1 class=\"wp-block-heading has-text-align-left\" style=\"font-size:100px\">Le R\u00e9seau en quelques mots<\/h1>\n<\/div><figure class=\"wp-block-media-text__media\" style=\"background-image:url(https:\/\/candance.ca\/wp-content\/uploads\/2022\/12\/Website-header-1240x958.png);background-position:23% 0%\"><img loading=\"lazy\" decoding=\"async\" width=\"1240\" height=\"958\" src=\"https:\/\/candance.ca\/wp-content\/uploads\/2022\/12\/Website-header-1240x958.png\" alt=\"\" class=\"wp-image-707 size-full\" srcset=\"https:\/\/candance.ca\/wp-content\/uploads\/2022\/12\/Website-header-1240x958.png 1240w, https:\/\/candance.ca\/wp-content\/uploads\/2022\/12\/Website-header-610x471.png 610w, https:\/\/candance.ca\/wp-content\/uploads\/2022\/12\/Website-header-768x593.png 768w, https:\/\/candance.ca\/wp-content\/uploads\/2022\/12\/Website-header-1536x1187.png 1536w, https:\/\/candance.ca\/wp-content\/uploads\/2022\/12\/Website-header-1568x1212.png 1568w, https:\/\/candance.ca\/wp-content\/uploads\/2022\/12\/Website-header.png 1650w\" sizes=\"auto, (max-width: 1240px) 100vw, 1240px\" \/><\/figure><\/div>\n\n\n\n<p>Forme d\u2019art fondamentale, la danse communique au-del\u00e0 des limites de la parole. Elle raccorde et c\u00e9l\u00e8bre nos diff\u00e9rences. Dans un pays \u00e9panoui&nbsp;: une \u00e9cologie artistique \u00e9panouie\u2009; dans une \u00e9cologie artistique \u00e9panouie&nbsp;: la danse.<\/p>\n\n\n\n<p>CanDanse est un r\u00e9seau national de diffusion en danse. Nous soutenons la collaboration en cr\u00e9ation et en pr\u00e9sentation de la myriade des formes de danse au pays que nous appelons le Canada. Nous \u0153uvrons \u00e0 favoriser un environnement sain, inclusif et durable qui permet l\u2019essor d\u2019une pluralit\u00e9 de communaut\u00e9s de danse.<\/p>\n\n\n\n<div style=\"height:9px\" aria-hidden=\"true\" class=\"wp-block-spacer\"><\/div>\n\n\n\n<div class=\"wp-block-group alignfull is-style-default has-white-color has-white-background-color has-text-color has-background\"><div class=\"wp-block-group__inner-container is-layout-constrained wp-block-group-is-layout-constrained\">\n<h1 class=\"wp-block-heading alignwide has-text-align-left has-huge-font-size\"><mark style=\"background-color:rgba(0, 0, 0, 0)\" class=\"has-inline-color has-black-color\"><strong>Notre mission<\/strong><\/mark><\/h1>\n<\/div><\/div>\n\n\n\n<p>Les principes de base qui nous guident&nbsp;: collaboration, relation, inclusion, transparence, et service. Nous orientons nos objectifs et activit\u00e9s selon les priorit\u00e9s suivantes&nbsp;:<\/p>\n\n\n\n<div class=\"wp-block-cover alignwide\" style=\"min-height:242px;aspect-ratio:unset;\"><span aria-hidden=\"true\" class=\"wp-block-cover__background has-background-dim\" style=\"background-color:#45c2b1\"><\/span><img loading=\"lazy\" decoding=\"async\" width=\"1024\" height=\"681\" class=\"wp-block-cover__image-background wp-image-717\" alt=\"\" src=\"https:\/\/candance.ca\/wp-content\/uploads\/2022\/12\/Essence-image-4.jpg\" style=\"object-position:100% 37%\" data-object-fit=\"cover\" data-object-position=\"100% 37%\" srcset=\"https:\/\/candance.ca\/wp-content\/uploads\/2022\/12\/Essence-image-4.jpg 1024w, https:\/\/candance.ca\/wp-content\/uploads\/2022\/12\/Essence-image-4-610x406.jpg 610w, https:\/\/candance.ca\/wp-content\/uploads\/2022\/12\/Essence-image-4-768x511.jpg 768w\" sizes=\"auto, (max-width: 1024px) 100vw, 1024px\" \/><div class=\"wp-block-cover__inner-container is-layout-flow wp-block-cover-is-layout-flow\">\n<p class=\"has-large-font-size\"><strong>CULTIVER <\/strong>un r\u00e9seau robuste, actif et diversifi\u00e9 de diffuseur\u00b7euses et de lieux de pr\u00e9sentation \u00e0 travers le pays.<\/p>\n<\/div><\/div>\n\n\n\n<div class=\"wp-block-cover alignwide\" style=\"min-height:233px;aspect-ratio:unset;\"><span aria-hidden=\"true\" class=\"wp-block-cover__background has-background-dim\" style=\"background-color:#006e96\"><\/span><img loading=\"lazy\" decoding=\"async\" width=\"1240\" height=\"594\" class=\"wp-block-cover__image-background wp-image-580\" alt=\"\" src=\"https:\/\/candance.ca\/wp-content\/uploads\/2022\/10\/Kidd-Pivot-Revisor-1-photo-by-Michael-Slobodian-1240x594.jpg\" style=\"object-position:24% 28%\" data-object-fit=\"cover\" data-object-position=\"24% 28%\" srcset=\"https:\/\/candance.ca\/wp-content\/uploads\/2022\/10\/Kidd-Pivot-Revisor-1-photo-by-Michael-Slobodian-1240x594.jpg 1240w, https:\/\/candance.ca\/wp-content\/uploads\/2022\/10\/Kidd-Pivot-Revisor-1-photo-by-Michael-Slobodian-610x292.jpg 610w, https:\/\/candance.ca\/wp-content\/uploads\/2022\/10\/Kidd-Pivot-Revisor-1-photo-by-Michael-Slobodian-768x368.jpg 768w, https:\/\/candance.ca\/wp-content\/uploads\/2022\/10\/Kidd-Pivot-Revisor-1-photo-by-Michael-Slobodian-1536x736.jpg 1536w, https:\/\/candance.ca\/wp-content\/uploads\/2022\/10\/Kidd-Pivot-Revisor-1-photo-by-Michael-Slobodian-1568x751.jpg 1568w, https:\/\/candance.ca\/wp-content\/uploads\/2022\/10\/Kidd-Pivot-Revisor-1-photo-by-Michael-Slobodian.jpg 1755w\" sizes=\"auto, (max-width: 1240px) 100vw, 1240px\" \/><div class=\"wp-block-cover__inner-container is-layout-flow wp-block-cover-is-layout-flow\">\n<p class=\"has-large-font-size\"><strong>ENCOURAGER <\/strong>le commissariat de programmation en danse, en direct et num\u00e9rique, tout en accroissant les occasions nationales de diffusion.<\/p>\n<\/div><\/div>\n\n\n\n<div class=\"wp-block-cover alignwide\" style=\"min-height:225px;aspect-ratio:unset;\"><span aria-hidden=\"true\" class=\"wp-block-cover__background has-background-dim\" style=\"background-color:#af0061\"><\/span><img loading=\"lazy\" decoding=\"async\" width=\"2560\" height=\"1707\" class=\"wp-block-cover__image-background wp-image-710\" alt=\"\" src=\"https:\/\/candance.ca\/wp-content\/uploads\/2022\/12\/Empirique-image-3-scaled.jpg\" data-object-fit=\"cover\" srcset=\"https:\/\/candance.ca\/wp-content\/uploads\/2022\/12\/Empirique-image-3-scaled.jpg 2560w, https:\/\/candance.ca\/wp-content\/uploads\/2022\/12\/Empirique-image-3-610x407.jpg 610w, https:\/\/candance.ca\/wp-content\/uploads\/2022\/12\/Empirique-image-3-1240x827.jpg 1240w, https:\/\/candance.ca\/wp-content\/uploads\/2022\/12\/Empirique-image-3-768x512.jpg 768w, https:\/\/candance.ca\/wp-content\/uploads\/2022\/12\/Empirique-image-3-1536x1024.jpg 1536w, https:\/\/candance.ca\/wp-content\/uploads\/2022\/12\/Empirique-image-3-2048x1365.jpg 2048w, https:\/\/candance.ca\/wp-content\/uploads\/2022\/12\/Empirique-image-3-1568x1045.jpg 1568w\" sizes=\"auto, (max-width: 2560px) 100vw, 2560px\" \/><div class=\"wp-block-cover__inner-container is-layout-flow wp-block-cover-is-layout-flow\">\n<p class=\"has-large-font-size\"><strong><strong>SOUTENIR <\/strong><\/strong>les artistes et compagnies de danse dans leurs recherches d\u2019occasions de d\u00e9veloppement, de r\u00e9sidences et de programmation.<\/p>\n<\/div><\/div>\n\n\n\n<div class=\"wp-block-cover alignwide\" style=\"min-height:204px;aspect-ratio:unset;\"><span aria-hidden=\"true\" class=\"wp-block-cover__background has-background-dim\" style=\"background-color:#773dbd\"><\/span><img loading=\"lazy\" decoding=\"async\" width=\"1000\" height=\"692\" class=\"wp-block-cover__image-background wp-image-691\" alt=\"\" src=\"https:\/\/candance.ca\/wp-content\/uploads\/2022\/12\/7th-sense-image-3.jpg\" style=\"object-position:96% 0%\" data-object-fit=\"cover\" data-object-position=\"96% 0%\" srcset=\"https:\/\/candance.ca\/wp-content\/uploads\/2022\/12\/7th-sense-image-3.jpg 1000w, https:\/\/candance.ca\/wp-content\/uploads\/2022\/12\/7th-sense-image-3-610x422.jpg 610w, https:\/\/candance.ca\/wp-content\/uploads\/2022\/12\/7th-sense-image-3-768x531.jpg 768w\" sizes=\"auto, (max-width: 1000px) 100vw, 1000px\" \/><div class=\"wp-block-cover__inner-container is-layout-flow wp-block-cover-is-layout-flow\">\n<p class=\"has-large-font-size\"><strong><strong>FAIRE PROGRESSER <\/strong><\/strong>la programmation en danse pour qu\u2019elle refl\u00e8te mieux la pluralit\u00e9 de communaut\u00e9s au Canada.<\/p>\n<\/div><\/div>\n\n\n\n<div class=\"wp-block-cover alignwide\" style=\"min-height:324px;aspect-ratio:unset;\"><span aria-hidden=\"true\" class=\"wp-block-cover__background has-background-dim\" style=\"background-color:#487629\"><\/span><img loading=\"lazy\" decoding=\"async\" width=\"560\" height=\"744\" class=\"wp-block-cover__image-background wp-image-713\" alt=\"\" src=\"https:\/\/candance.ca\/wp-content\/uploads\/2022\/12\/Lost-found-image-2.jpg\" style=\"object-position:36% 4%\" data-object-fit=\"cover\" data-object-position=\"36% 4%\"\/><div class=\"wp-block-cover__inner-container is-layout-flow wp-block-cover-is-layout-flow\">\n<p class=\"has-large-font-size\"><strong>FAIRE \u00c9VOLUER <\/strong>un Code d\u2019\u00e9thique et de meilleures pratiques pour engager les artistes et compagnies de danse, tout en soutenant nos membres dans le d\u00e9veloppement de leurs comp\u00e9tences culturelles en \u00e9quit\u00e9, diversit\u00e9 et inclusion.<\/p>\n<\/div><\/div>\n\n\n\n<div class=\"wp-block-cover alignwide\" style=\"min-height:201px;aspect-ratio:unset;\"><span aria-hidden=\"true\" class=\"wp-block-cover__background has-background-dim\" style=\"background-color:#45c2b1\"><\/span><img loading=\"lazy\" decoding=\"async\" width=\"640\" height=\"396\" class=\"wp-block-cover__image-background wp-image-720\" alt=\"\" src=\"https:\/\/candance.ca\/wp-content\/uploads\/2022\/12\/Heart-image-2.png\" style=\"object-position:54% 10%\" data-object-fit=\"cover\" data-object-position=\"54% 10%\" srcset=\"https:\/\/candance.ca\/wp-content\/uploads\/2022\/12\/Heart-image-2.png 640w, https:\/\/candance.ca\/wp-content\/uploads\/2022\/12\/Heart-image-2-610x377.png 610w\" sizes=\"auto, (max-width: 640px) 100vw, 640px\" \/><div class=\"wp-block-cover__inner-container is-layout-flow wp-block-cover-is-layout-flow\">\n<p class=\"has-large-font-size\"><strong>Encourager<\/strong> la conservation de programmes de danse en direct et num\u00e9riques tout en augmentant les opportunit\u00e9s nationales.<\/p>\n<\/div><\/div>\n\n\n\n<div style=\"height:30px\" aria-hidden=\"true\" class=\"wp-block-spacer\"><\/div>\n\n\n\n<div class=\"wp-block-group alignfull is-style-default has-white-color has-white-background-color has-text-color has-background\"><div class=\"wp-block-group__inner-container is-layout-constrained wp-block-group-is-layout-constrained\">\n<h1 class=\"wp-block-heading alignwide has-text-align-left has-huge-font-size\"><mark style=\"background-color:rgba(0, 0, 0, 0)\" class=\"has-inline-color has-black-color\"><strong>Notre travail<\/strong><\/mark><\/h1>\n<\/div><\/div>\n\n\n\n<div class=\"wp-block-columns alignwide are-vertically-aligned-center is-style-default is-layout-flex wp-container-core-columns-is-layout-9d6595d7 wp-block-columns-is-layout-flex\">\n<div class=\"wp-block-column is-vertically-aligned-center is-layout-flow wp-block-column-is-layout-flow\">\n<p><mark style=\"background-color:rgba(0, 0, 0, 0);color:#ffa400\" class=\"has-inline-color\"><strong>CR\u00c9ATION D\u2019OCCASIONS<\/strong><\/mark><\/p>\n\n\n\n<p>CanDanse cr\u00e9e des occasions de rassemblement pour les diffuseur\u00b7euses et les artistes de danse. Nous voulons favoriser les partenariats pour les commandes et la pr\u00e9sentation, soutenir le perfectionnement individuel, et am\u00e9liorer les conditions de travail et l\u2019inclusion dans le secteur de la danse.<\/p>\n<\/div>\n\n\n\n<div class=\"wp-block-column is-vertically-aligned-center is-layout-flow wp-block-column-is-layout-flow\">\n<div class=\"wp-block-cover has-custom-content-position is-position-bottom-left\" style=\"min-height:310px;aspect-ratio:unset;\"><span aria-hidden=\"true\" class=\"wp-block-cover__background has-background-dim-0 has-background-dim\" style=\"background-color:#006e96\"><\/span><img loading=\"lazy\" decoding=\"async\" width=\"2560\" height=\"1709\" class=\"wp-block-cover__image-background wp-image-912\" alt=\"\" src=\"https:\/\/candance.ca\/wp-content\/uploads\/2023\/03\/1-20230123-canDance.80winchester-0348-scaled.jpg\" data-object-fit=\"cover\" srcset=\"https:\/\/candance.ca\/wp-content\/uploads\/2023\/03\/1-20230123-canDance.80winchester-0348-scaled.jpg 2560w, https:\/\/candance.ca\/wp-content\/uploads\/2023\/03\/1-20230123-canDance.80winchester-0348-610x407.jpg 610w, https:\/\/candance.ca\/wp-content\/uploads\/2023\/03\/1-20230123-canDance.80winchester-0348-1240x828.jpg 1240w, https:\/\/candance.ca\/wp-content\/uploads\/2023\/03\/1-20230123-canDance.80winchester-0348-768x513.jpg 768w, https:\/\/candance.ca\/wp-content\/uploads\/2023\/03\/1-20230123-canDance.80winchester-0348-1536x1025.jpg 1536w, https:\/\/candance.ca\/wp-content\/uploads\/2023\/03\/1-20230123-canDance.80winchester-0348-2048x1367.jpg 2048w, https:\/\/candance.ca\/wp-content\/uploads\/2023\/03\/1-20230123-canDance.80winchester-0348-1568x1047.jpg 1568w\" sizes=\"auto, (max-width: 2560px) 100vw, 2560px\" \/><div class=\"wp-block-cover__inner-container is-layout-flow wp-block-cover-is-layout-flow\">\n<p class=\"has-text-align-center\" style=\"font-size:12px\">Photo de Leemarc Lao<\/p>\n<\/div><\/div>\n<\/div>\n<\/div>\n\n\n\n<div class=\"wp-block-columns alignwide are-vertically-aligned-center is-style-default is-layout-flex wp-container-core-columns-is-layout-9d6595d7 wp-block-columns-is-layout-flex\">\n<div class=\"wp-block-column is-vertically-aligned-center is-layout-flow wp-block-column-is-layout-flow\">\n<div class=\"wp-block-cover has-custom-content-position is-position-top-left\" style=\"min-height:310px;aspect-ratio:unset;\"><span aria-hidden=\"true\" class=\"wp-block-cover__background has-background-dim-0 has-background-dim\" style=\"background-color:#773dbd\"><\/span><img loading=\"lazy\" decoding=\"async\" width=\"6912\" height=\"3456\" class=\"wp-block-cover__image-background wp-image-914\" alt=\"\" src=\"https:\/\/candance.ca\/wp-content\/uploads\/2023\/03\/Untitled-design-5.png\" data-object-fit=\"cover\" srcset=\"https:\/\/candance.ca\/wp-content\/uploads\/2023\/03\/Untitled-design-5.png 6912w, https:\/\/candance.ca\/wp-content\/uploads\/2023\/03\/Untitled-design-5-610x305.png 610w, https:\/\/candance.ca\/wp-content\/uploads\/2023\/03\/Untitled-design-5-1240x620.png 1240w, https:\/\/candance.ca\/wp-content\/uploads\/2023\/03\/Untitled-design-5-768x384.png 768w, https:\/\/candance.ca\/wp-content\/uploads\/2023\/03\/Untitled-design-5-1536x768.png 1536w, https:\/\/candance.ca\/wp-content\/uploads\/2023\/03\/Untitled-design-5-2048x1024.png 2048w, https:\/\/candance.ca\/wp-content\/uploads\/2023\/03\/Untitled-design-5-1568x784.png 1568w\" sizes=\"auto, (max-width: 6912px) 100vw, 6912px\" \/><div class=\"wp-block-cover__inner-container is-layout-flow wp-block-cover-is-layout-flow\">\n<p class=\"has-text-align-center\" style=\"font-size:12px\"><strong>Photo de Leemarc Lao<\/strong><\/p>\n<\/div><\/div>\n<\/div>\n\n\n\n<div class=\"wp-block-column is-vertically-aligned-center is-layout-flow wp-block-column-is-layout-flow\">\n<p><mark style=\"background-color:rgba(0, 0, 0, 0);color:#ffa400\" class=\"has-inline-color\"><strong>RASSEMBLEMENT<\/strong><\/mark><\/p>\n\n\n\n<p class=\"has-normal-font-size\">Chaque ann\u00e9e, nous organisons un colloque national et deux colloques r\u00e9gionaux qui comptent des spectacles de danse et des s\u00e9ances de perfectionnement. Ici, les diffuseur\u00b7euses se r\u00e9unissent pour discuter des enjeux du march\u00e9, des meilleures pratiques, des projets d\u2019int\u00e9r\u00eat, et voir des spectacles dans la ville h\u00f4te. Nous soutenons aussi le d\u00e9placement annuel de membres \u00e0 des festivals artistiques et culturels autochtones, travaillant avec les organisateur\u00b7trices de ces festivals pour cr\u00e9er des occasions d\u2019apprentissage pour les membres. Ces activit\u00e9s cr\u00e9ent un contexte propice au partage et au mentorat entre pairs.<\/p>\n<\/div>\n<\/div>\n\n\n\n<div class=\"wp-block-columns alignwide are-vertically-aligned-center is-style-default is-layout-flex wp-container-core-columns-is-layout-9d6595d7 wp-block-columns-is-layout-flex\">\n<div class=\"wp-block-column is-vertically-aligned-center is-layout-flow wp-block-column-is-layout-flow\">\n<p><mark style=\"background-color:rgba(0, 0, 0, 0);color:#ffa400\" class=\"has-inline-color\"><strong>FINANCEMENT<\/strong><\/mark><\/p>\n\n\n\n<p>La danse a besoin de financement. CanDanse assure la gestion de deux fonds, <a rel=\"noreferrer noopener\" href=\"https:\/\/candance.ca\/fr\/le-projet-dechange-en-creation\/\" data-type=\"page\" data-id=\"852\" target=\"_blank\">le Projet d\u2019\u00e9change en cr\u00e9ation<\/a> et <a rel=\"noreferrer noopener\" href=\"https:\/\/candance.ca\/fr\/le-fonds-de-creation\/\" data-type=\"page\" data-id=\"820\" target=\"_blank\">le Fonds de cr\u00e9ation<\/a>, qui soutiennent le d\u00e9veloppement et la pr\u00e9sentation de cr\u00e9ations en danse avec plusieurs partenaires.<\/p>\n<\/div>\n\n\n\n<div class=\"wp-block-column is-vertically-aligned-center is-layout-flow wp-block-column-is-layout-flow\">\n<div class=\"wp-block-cover has-custom-content-position is-position-top-left\" style=\"min-height:310px;aspect-ratio:unset;\"><span aria-hidden=\"true\" class=\"wp-block-cover__background has-background-dim-0 has-background-dim\" style=\"background-color:#006e96\"><\/span><img loading=\"lazy\" decoding=\"async\" width=\"6912\" height=\"3456\" class=\"wp-block-cover__image-background wp-image-729\" alt=\"\" src=\"https:\/\/candance.ca\/wp-content\/uploads\/2022\/12\/Untitled-design-1.png\" data-object-fit=\"cover\" srcset=\"https:\/\/candance.ca\/wp-content\/uploads\/2022\/12\/Untitled-design-1.png 6912w, https:\/\/candance.ca\/wp-content\/uploads\/2022\/12\/Untitled-design-1-610x305.png 610w, https:\/\/candance.ca\/wp-content\/uploads\/2022\/12\/Untitled-design-1-1240x620.png 1240w, https:\/\/candance.ca\/wp-content\/uploads\/2022\/12\/Untitled-design-1-768x384.png 768w, https:\/\/candance.ca\/wp-content\/uploads\/2022\/12\/Untitled-design-1-1536x768.png 1536w, https:\/\/candance.ca\/wp-content\/uploads\/2022\/12\/Untitled-design-1-2048x1024.png 2048w, https:\/\/candance.ca\/wp-content\/uploads\/2022\/12\/Untitled-design-1-1568x784.png 1568w\" sizes=\"auto, (max-width: 6912px) 100vw, 6912px\" \/><div class=\"wp-block-cover__inner-container is-layout-flow wp-block-cover-is-layout-flow\">\n<p class=\"has-text-align-center\" style=\"font-size:11px\">Natasha Bakht, photo de David Hou<\/p>\n<\/div><\/div>\n<\/div>\n<\/div>\n\n\n\n<div class=\"wp-block-columns alignwide are-vertically-aligned-center is-style-default is-layout-flex wp-container-core-columns-is-layout-9d6595d7 wp-block-columns-is-layout-flex\">\n<div class=\"wp-block-column is-vertically-aligned-center is-layout-flow wp-block-column-is-layout-flow\">\n<div class=\"wp-block-cover is-light has-custom-content-position is-position-top-left\" style=\"min-height:310px;aspect-ratio:unset;\"><span aria-hidden=\"true\" class=\"wp-block-cover__background has-background-dim-0 has-background-dim\" style=\"background-color:#773dbd\"><\/span><img loading=\"lazy\" decoding=\"async\" width=\"6912\" height=\"3456\" class=\"wp-block-cover__image-background wp-image-728\" alt=\"\" src=\"https:\/\/candance.ca\/wp-content\/uploads\/2022\/12\/Untitled-design-2.png\" data-object-fit=\"cover\" srcset=\"https:\/\/candance.ca\/wp-content\/uploads\/2022\/12\/Untitled-design-2.png 6912w, https:\/\/candance.ca\/wp-content\/uploads\/2022\/12\/Untitled-design-2-610x305.png 610w, https:\/\/candance.ca\/wp-content\/uploads\/2022\/12\/Untitled-design-2-1240x620.png 1240w, https:\/\/candance.ca\/wp-content\/uploads\/2022\/12\/Untitled-design-2-768x384.png 768w, https:\/\/candance.ca\/wp-content\/uploads\/2022\/12\/Untitled-design-2-1536x768.png 1536w, https:\/\/candance.ca\/wp-content\/uploads\/2022\/12\/Untitled-design-2-2048x1024.png 2048w, https:\/\/candance.ca\/wp-content\/uploads\/2022\/12\/Untitled-design-2-1568x784.png 1568w\" sizes=\"auto, (max-width: 6912px) 100vw, 6912px\" \/><div class=\"wp-block-cover__inner-container is-layout-flow wp-block-cover-is-layout-flow\">\n<p class=\"has-text-align-center\" style=\"font-size:10px\">Out Innerspace, photo de David Raymond<\/p>\n<\/div><\/div>\n<\/div>\n\n\n\n<div class=\"wp-block-column is-vertically-aligned-center is-layout-flow wp-block-column-is-layout-flow\">\n<p><mark style=\"background-color:rgba(0, 0, 0, 0);color:#ffa400\" class=\"has-inline-color\"><strong>REPR\u00c9SENTATION<\/strong><\/mark><\/p>\n\n\n\n<p class=\"has-normal-font-size\">CanDanse travaille en tandem avec nos membres et d\u2019autres organismes de services en arts et en danse pour repr\u00e9senter les communaut\u00e9s de danse \u00e0 l\u2019\u00e9chelle nationale. Collectivement, le R\u00e9seau cible les enjeux qui touchent l\u2019ensemble du secteur et travaille pour am\u00e9liorer les normes professionnelles de pr\u00e9sentation de toustes les artistes de danse par son Code d\u2019\u00e9thique et autres initiatives de repr\u00e9sentation.<\/p>\n<\/div>\n<\/div>\n\n\n\n<div style=\"height:64px\" aria-hidden=\"true\" class=\"wp-block-spacer\"><\/div>\n\n\n\n<div class=\"wp-block-media-text alignfull is-stacked-on-mobile is-image-fill has-white-color has-text-color has-background\" style=\"background-color:#1b1e29;grid-template-columns:39% auto\"><figure class=\"wp-block-media-text__media\" style=\"background-image:url(https:\/\/candance.ca\/wp-content\/uploads\/2023\/03\/Website-header-1240x958.png);background-position:49% 34%\"><img loading=\"lazy\" decoding=\"async\" width=\"1240\" height=\"958\" src=\"https:\/\/candance.ca\/wp-content\/uploads\/2023\/03\/Website-header-1240x958.png\" alt=\"\" class=\"wp-image-995 size-full\" srcset=\"https:\/\/candance.ca\/wp-content\/uploads\/2023\/03\/Website-header-1240x958.png 1240w, https:\/\/candance.ca\/wp-content\/uploads\/2023\/03\/Website-header-610x471.png 610w, https:\/\/candance.ca\/wp-content\/uploads\/2023\/03\/Website-header-768x593.png 768w, https:\/\/candance.ca\/wp-content\/uploads\/2023\/03\/Website-header-1536x1187.png 1536w, https:\/\/candance.ca\/wp-content\/uploads\/2023\/03\/Website-header-1568x1212.png 1568w, https:\/\/candance.ca\/wp-content\/uploads\/2023\/03\/Website-header.png 1650w\" sizes=\"auto, (max-width: 1240px) 100vw, 1240px\" \/><\/figure><div class=\"wp-block-media-text__content\">\n<h1 class=\"wp-block-heading has-text-align-center\">Qu\u2019est-ce qu\u2019un\u00b7e diffuseur\u00b7euse\u2009?<\/h1>\n<\/div><\/div>\n\n\n\n<p>En bref, un\u00b7e diffuseur\u00b7euse de danse produit un \u00e9v\u00e8nement de danse pour un public, que ce soit dans un th\u00e9\u00e2tre professionnel, un festival en situ, un site culturel ou m\u00eame un site virtuel\u2009! L\u2019emplacement g\u00e9ographique, la d\u00e9mographie du public, la jauge de salle, le budget et le mandat artistique sont uniques \u00e0 chacun\u00b7e des <a href=\"https:\/\/candance.ca\/fr\/membres\/\" data-type=\"page\" data-id=\"134\" target=\"_blank\" rel=\"noreferrer noopener\">membres du R\u00e9seau CanDanse<\/a>. Iels se d\u00e9signent diff\u00e9remment&nbsp;: programmateur\u00b7rice, directeur\u00b7rice artistique, commissaire ou producteur\u00b7rice. Malgr\u00e9 toutes ces particularit\u00e9s, une chose demeure vraie&nbsp;: si vous pr\u00e9sentez la danse, vous \u00eates diffuseur\u00b7euse de danse.<\/p>\n\n\n\n<div style=\"height:33px\" aria-hidden=\"true\" class=\"wp-block-spacer\"><\/div>\n\n\n\n<div class=\"wp-block-group alignfull is-style-default has-white-color has-white-background-color has-text-color has-background\"><div class=\"wp-block-group__inner-container is-layout-constrained wp-block-group-is-layout-constrained\">\n<h1 class=\"wp-block-heading alignwide has-text-align-left has-huge-font-size\"><mark style=\"background-color:rgba(0, 0, 0, 0)\" class=\"has-inline-color has-black-color\"><strong>Notre \u00e9volution<\/strong><\/mark><\/h1>\n<\/div><\/div>\n\n\n\n<div class=\"wp-block-media-text alignwide has-media-on-the-right is-stacked-on-mobile is-image-fill has-background\" style=\"background-color:#45c2b1\"><div class=\"wp-block-media-text__content\">\n<p>En 1985, dix diffuseur\u00b7euses de danse contemporaine se sont rassembl\u00e9\u00b7es pour pr\u00e9senter une tourn\u00e9e de spectacles \u00e0 petite \u00e9chelle. C\u2019\u00e9tait le d\u00e9but de CanDanse.<\/p>\n\n\n\n<p>\u00c0 cette \u00e9poque, la danse \u00ab\u2009contemporaine\u2009\u00bb d\u00e9signait surtout la danse qui d\u00e9coulait de la danse moderne europ\u00e9enne des ann\u00e9es&nbsp;1950 et des danses postmodernes des ann\u00e9es&nbsp;1970. Les membres du R\u00e9seau \u0153uvraient \u00e0 \u00e9tablir la danse contemporaine, souvent juxtapos\u00e9e au ballet, comme forme d\u2019art respect\u00e9e et professionnelle aux yeux des organismes de subvention, des institutions acad\u00e9miques et du grand public au Canada.<\/p>\n\n\n\n<p style=\"font-size:12px\">Photo de Leemarc Lao<\/p>\n<\/div><figure class=\"wp-block-media-text__media\" style=\"background-image:url(https:\/\/candance.ca\/wp-content\/uploads\/2023\/03\/4-20230125-canDance.thecitadel-0078-1240x827.jpg);background-position:50% 50%\"><img loading=\"lazy\" decoding=\"async\" width=\"1240\" height=\"827\" src=\"https:\/\/candance.ca\/wp-content\/uploads\/2023\/03\/4-20230125-canDance.thecitadel-0078-1240x827.jpg\" alt=\"\" class=\"wp-image-960 size-full\" srcset=\"https:\/\/candance.ca\/wp-content\/uploads\/2023\/03\/4-20230125-canDance.thecitadel-0078-1240x827.jpg 1240w, https:\/\/candance.ca\/wp-content\/uploads\/2023\/03\/4-20230125-canDance.thecitadel-0078-610x407.jpg 610w, https:\/\/candance.ca\/wp-content\/uploads\/2023\/03\/4-20230125-canDance.thecitadel-0078-768x512.jpg 768w, https:\/\/candance.ca\/wp-content\/uploads\/2023\/03\/4-20230125-canDance.thecitadel-0078-1536x1024.jpg 1536w, https:\/\/candance.ca\/wp-content\/uploads\/2023\/03\/4-20230125-canDance.thecitadel-0078-2048x1366.jpg 2048w, https:\/\/candance.ca\/wp-content\/uploads\/2023\/03\/4-20230125-canDance.thecitadel-0078-1568x1045.jpg 1568w\" sizes=\"auto, (max-width: 1240px) 100vw, 1240px\" \/><\/figure><\/div>\n\n\n\n<div class=\"wp-block-media-text alignwide is-stacked-on-mobile is-image-fill is-style-default has-background\" style=\"background-color:#ffa400;padding-top:0;padding-right:0;padding-bottom:0;padding-left:0\"><figure class=\"wp-block-media-text__media\" style=\"background-image:url(https:\/\/candance.ca\/wp-content\/uploads\/2023\/03\/6-20230125-canDance.thecitadel-0015-1240x828.jpg);background-position:50% 50%\"><img loading=\"lazy\" decoding=\"async\" width=\"1240\" height=\"828\" src=\"https:\/\/candance.ca\/wp-content\/uploads\/2023\/03\/6-20230125-canDance.thecitadel-0015-1240x828.jpg\" alt=\"\" class=\"wp-image-958 size-full\" srcset=\"https:\/\/candance.ca\/wp-content\/uploads\/2023\/03\/6-20230125-canDance.thecitadel-0015-1240x828.jpg 1240w, https:\/\/candance.ca\/wp-content\/uploads\/2023\/03\/6-20230125-canDance.thecitadel-0015-610x407.jpg 610w, https:\/\/candance.ca\/wp-content\/uploads\/2023\/03\/6-20230125-canDance.thecitadel-0015-768x513.jpg 768w, https:\/\/candance.ca\/wp-content\/uploads\/2023\/03\/6-20230125-canDance.thecitadel-0015-1536x1025.jpg 1536w, https:\/\/candance.ca\/wp-content\/uploads\/2023\/03\/6-20230125-canDance.thecitadel-0015-2048x1367.jpg 2048w, https:\/\/candance.ca\/wp-content\/uploads\/2023\/03\/6-20230125-canDance.thecitadel-0015-1568x1047.jpg 1568w\" sizes=\"auto, (max-width: 1240px) 100vw, 1240px\" \/><\/figure><div class=\"wp-block-media-text__content\">\n<p>Au fil du temps, iels ont accumul\u00e9 nombre de r\u00e9alisations&nbsp;: l\u2019am\u00e9lioration des occasions de tourn\u00e9e pour les artistes de danse, la repr\u00e9sentation pour le r\u00f4le de commissaire de danse aupr\u00e8s des subventionnaires, la cr\u00e9ation de liens entre diff\u00e9rentes r\u00e9gions g\u00e9ographiques, et la publication d\u2019une \u00e9tude sur les cachets pour la pr\u00e9sentation d\u2019artistes de danse professionnel\u00b7les.<\/p>\n\n\n\n<p>Aujourd\u2019hui, CanDanse a \u00e9volu\u00e9 de sa sp\u00e9cialisation initiale en danse contemporaine de lign\u00e9e europ\u00e9enne vers une plus grande \u00e9quit\u00e9 dans la vari\u00e9t\u00e9 d\u2019approches esth\u00e9tiques en danse de cr\u00e9ation. On travaille activement \u00e0 rem\u00e9dier \u00e0 ce qui a \u00e9t\u00e9 historiquement exclu. Lisez notre \u00e9nonc\u00e9          \u00ab\u2009Antiracisme et inclusion\u2009\u00bb ci-dessous pour en savoir plus sur nos objectifs et notre plan d\u2019action en mati\u00e8re d\u2019\u00e9quit\u00e9, de diversit\u00e9 et d\u2019inclusion.<\/p>\n\n\n\n<p style=\"font-size:12px\">Photo de Leemarc Lao<\/p>\n<\/div><\/div>\n\n\n\n<div class=\"wp-block-group alignfull is-style-default has-white-color has-white-background-color has-text-color has-background\"><div class=\"wp-block-group__inner-container is-layout-constrained wp-block-group-is-layout-constrained\">\n<h1 class=\"wp-block-heading alignwide has-text-align-left has-huge-font-size\"><mark style=\"background-color:rgba(0, 0, 0, 0)\" class=\"has-inline-color has-black-color\"><strong><strong><strong>Antiracisme et inclusion<\/strong><\/strong><\/strong><\/mark><\/h1>\n<\/div><\/div>\n\n\n\n<p class=\"has-extra-large-font-size\">La lutte contre le racisme et l&rsquo;inclusion sont importantes pour nous<\/p>\n\n\n\n<p>Nous comprenons que la danse professionnelle, subventionn\u00e9e \u00e0 l\u2019\u00e9chelle nationale, continue \u00e0 \u00eatre domin\u00e9e par les cultures et esth\u00e9tiques anglo-saxonnes et franco-qu\u00e9b\u00e9coises. Alors qu\u2019il y a eu un certain progr\u00e8s, les cultures autochtones, noires et immigrantes de langues non officielles vivent une exclusion syst\u00e9mique. D\u2019autres vivent l\u2019exclusion en raison de leur \u00e2ge, de leur orientation sexuelle, ou de leur capacit\u00e9 physique ou mentale.<\/p>\n\n\n\n<p>On reconnait notre position historiquement privil\u00e9gi\u00e9e dans le secteur, ainsi que notre r\u00f4le comme <em>gardien\u00b7nes de la culture<\/em> \u2013 celleux qui choisissent la danse pr\u00e9sent\u00e9e aux Canadien\u00b7nes dans nos salles financ\u00e9es nationalement. Nous avons la responsabilit\u00e9 de nous assurer que notre programmation refl\u00e8te et honore la grande pluralit\u00e9 d\u2019identit\u00e9s dans les communaut\u00e9s que nous servons.<\/p>\n\n\n\n<p>Depuis 2019, le R\u00e9seau travaille avec des consultant\u00b7es pour soutenir une r\u00e9vision et une r\u00e9flexion approfondies de nos op\u00e9rations d\u2019une perspective antiraciste. En consultation avec des parties prenantes de la communaut\u00e9 et avec le compas des directives du collectif <em>We See You White American Theatre<\/em>, nous avons cr\u00e9\u00e9 un plan strat\u00e9gique pour faire des avanc\u00e9es significatives pour l\u2019\u00e9quit\u00e9, la diversit\u00e9, l\u2019inclusion et l\u2019accessibilit\u00e9 dans le bassin des membres, dans notre gouvernance et aupr\u00e8s des artistes que nous soutenons.<\/p>\n\n\n\n<p>En deux mots, nous visons \u00e0&nbsp;:<\/p>\n\n\n\n<ul class=\"wp-block-list\">\n<li>assurer une repr\u00e9sentation \u00e9quitable<\/li>\n\n\n\n<li>engager une personne avec de la formation et de l\u2019expertise en EDI dans un poste permanent<\/li>\n\n\n\n<li>\u00e9tablir des protocoles pour signaler les incidents de fa\u00e7on s\u00e9curitaire et r\u00e9parer les torts<\/li>\n\n\n\n<li>publier des donn\u00e9es quantifiables sur l\u2019EDI annuellement<\/li>\n\n\n\n<li>mettre en \u0153uvre un engagement trimestriel obligatoire pour les membres en mati\u00e8re de formation en EDI et en repr\u00e9sentation dans leur programmation.<\/li>\n<\/ul>\n\n\n\n<div class=\"wp-block-buttons is-layout-flex wp-block-buttons-is-layout-flex\">\n<div class=\"wp-block-button\"><a class=\"wp-block-button__link wp-element-button\" href=\"https:\/\/docs.google.com\/document\/d\/1MKkMBrh5ZzliI-ylbURN3EY8ICXnEUITVgic2ufd6DY\/edit#heading=h.472oeyhgt21o\" target=\"_blank\" rel=\"noreferrer noopener\">Lire notre plan strat\u00e9gique<\/a><\/div>\n<\/div>\n\n\n\n<div style=\"height:47px\" aria-hidden=\"true\" class=\"wp-block-spacer\"><\/div>\n\n\n\n<div class=\"wp-block-group alignfull is-style-default has-white-color has-white-background-color has-text-color has-background\"><div class=\"wp-block-group__inner-container is-layout-constrained wp-block-group-is-layout-constrained\">\n<h1 class=\"wp-block-heading alignwide has-text-align-left has-huge-font-size\"><mark style=\"background-color:rgba(0, 0, 0, 0)\" class=\"has-inline-color has-black-color\"><strong><strong>Reconnaissance du territoire<\/strong><\/strong><\/mark><\/h1>\n<\/div><\/div>\n\n\n\n<div class=\"wp-block-cover alignwide is-light has-parallax\" style=\"min-height:375px;aspect-ratio:unset;\"><span aria-hidden=\"true\" class=\"wp-block-cover__background has-white-background-color has-background-dim-60 has-background-dim\"><\/span><div role=\"img\" class=\"wp-block-cover__image-background wp-image-515 has-parallax\" style=\"background-position:50% 50%;background-image:url(https:\/\/candance.ca\/wp-content\/uploads\/2022\/10\/Copy-of-Minowin-11-photo-by-Anna-Springate-Floch.jpg)\"><\/div><div class=\"wp-block-cover__inner-container is-layout-flow wp-block-cover-is-layout-flow\">\n<h2 class=\"wp-block-heading alignwide has-normal-font-size\"><mark style=\"background-color:rgba(0, 0, 0, 0)\" class=\"has-inline-color has-black-color\">L\u2019\u00e9quipe et les membres du R\u00e9seau CanDanse vivent sur les territoires traditionnels des peuples autochtones qui, de tout temps, sont les gardien\u00b7nes du territoire maintenant appel\u00e9 Canada. Nous sommes reconnaissant\u00b7es de toutes les g\u00e9n\u00e9rations pass\u00e9es, pr\u00e9sentes et futures des Premi\u00e8res nations, Inuits et M\u00e9tis (reconnues et non reconnues, enregistr\u00e9es et non enregistr\u00e9es) qui ont gard\u00e9 \u2013 et qui continuent de garder \u2013 le territoire.<\/mark><\/h2>\n\n\n\n<h2 class=\"wp-block-heading alignwide has-normal-font-size\"><mark style=\"background-color:rgba(0, 0, 0, 0)\" class=\"has-inline-color has-black-color\">Notre si\u00e8ge social est situ\u00e9 \u00e0 Tkaronto (\u00ab\u2009o\u00f9 les arbres rencontrent l\u2019eau\u2009\u00bb, \u00ab\u2009le lieu de rassemblement\u2009\u00bb), territoire traditionnel des Wendat, des Haudenosaunis, des Anichinab\u00e9s, et le territoire du trait\u00e9 des Mississaugas of the Credit (Trait\u00e9\u00a013 \u2013 Achat de Toronto). Les terres de Tkaronto sont r\u00e9gies par le wampum du plat \u00e0 une seule cuill\u00e8re, une entente \u00e9tablie entre la Nation anichinab\u00e9e et la Conf\u00e9d\u00e9ration des Haudenosaunis pour partager les ressources pacifiquement.<\/mark><\/h2>\n\n\n\n<h2 class=\"wp-block-heading alignwide has-normal-font-size\"><mark style=\"background-color:rgba(0, 0, 0, 0)\" class=\"has-inline-color has-black-color\">\u00c0 titre d\u2019organisme artistique colonial, CanDanse reconnait que nous avons profit\u00e9 du grave d\u00e9s\u00e9quilibre de pouvoir historique dans les relations entre les colons et les peuples autochtones. Nous nous engageons \u00e0 continuellement apprendre la v\u00e9rit\u00e9 sur notre histoire et \u00e0 activement perturber les syst\u00e8mes et les structures qui perp\u00e9tuent la supr\u00e9matie coloniale blanche.<\/mark><\/h2>\n<\/div><\/div>\n\n\n\n<div class=\"wp-block-group alignfull is-style-default has-white-color has-white-background-color has-text-color has-background\"><div class=\"wp-block-group__inner-container is-layout-constrained wp-block-group-is-layout-constrained\">\n<h1 class=\"wp-block-heading alignwide has-text-align-left has-huge-font-size\"><mark style=\"background-color:rgba(0, 0, 0, 0)\" class=\"has-inline-color has-black-color\"><strong><strong><strong>Repr\u00e9sentation et partenariats<\/strong><\/strong><\/strong><\/mark><\/h1>\n\n\n\n<p><\/p>\n<\/div><\/div>\n\n\n\n<p class=\"has-large-font-size\"><strong><mark style=\"background-color:rgba(0, 0, 0, 0)\" class=\"has-inline-color has-black-color\"><strong>Repr\u00e9sentation et partenariat<\/strong><\/mark><\/strong><\/p>\n\n\n\n<p>Comme R\u00e9seau, nous comprenons que le partage de ressources et le travail en partenariat strat\u00e9gique optimisent la port\u00e9e de notre travail. Voici quelques-uns de nos partenariats cl\u00e9s&nbsp;:&nbsp;<\/p>\n\n\n\n<p><mark style=\"background-color:rgba(0, 0, 0, 0);color:#ffa400\" class=\"has-inline-color\"><strong><strong>Alliance des r\u00e9seaux canadiens de danse<\/strong><\/strong><\/mark><\/p>\n\n\n\n<p>L\u2019ARCD est un partenariat informel entre cinq r\u00e9seaux de diffuseur\u00b7euses&nbsp;: Atlantic Moves (Atlantic Presenters Association)\u2009; le R\u00e9seau CanDanse\u2009; Dance West Network; La danse sur les routes du Qu\u00e9bec\u2009; et Ontario Dances (Ontario Presents). Depuis 2010, le but de l\u2019ARCD est de consolider l\u2019infrastructure nationale de danse pour les artistes de danse\u2009; partager les occasions de perfectionnement pour nos diffuseur\u00b7euses membres\u2009; et former des relations de mentorat entre pairs.<\/p>\n\n\n\n<p><strong><mark style=\"background-color:rgba(0, 0, 0, 0);color:#ffa400\" class=\"has-inline-color\"><strong>Assembl\u00e9e canadienne de la danse<\/strong><\/mark><\/strong><\/p>\n\n\n\n<p>CanDanse travaille avec <a href=\"https:\/\/www.cda-acd.ca\/fr\/home\/\" target=\"_blank\" rel=\"noreferrer noopener\">l\u2019Assembl\u00e9e canadienne de la danse<\/a> sur des initiatives soutenues de repr\u00e9sentation et de recherche.<\/p>\n\n\n\n<p><strong><mark style=\"background-color:rgba(0, 0, 0, 0);color:#ffa400\" class=\"has-inline-color\"><strong>Association canadienne des organismes artistiques (CAPACOA)<\/strong><\/mark><\/strong><\/p>\n\n\n\n<p>CanDanse est membre de <a href=\"https:\/\/capacoa.ca\/fr\/\" target=\"_blank\" rel=\"noreferrer noopener\">CAPACOA<\/a> et participe \u00e0 leur r\u00e9union annuelle de r\u00e9seaux, qui rassemble les grands r\u00e9seaux de diffusion (multidisciplinaires et disciplinaires) pour discuter et se pencher collectivement sur les enjeux actuels de la diffusion.<\/p>\n\n\n\n<p><strong><mark style=\"background-color:rgba(0, 0, 0, 0);color:#ffa400\" class=\"has-inline-color\"><strong>Coalition canadienne des arts<\/strong><\/mark><\/strong><\/p>\n\n\n\n<p>CanDanse est membre de <a href=\"https:\/\/www.lacoalitioncanadiennedesarts.com\/\" target=\"_blank\" rel=\"noreferrer noopener\">la Coalition canadienne des arts<\/a>, un mouvement collaboratif non partisan d\u2019associations nationales, d\u2019organismes artistiques et d\u2019artistes. La coalition est men\u00e9e par un comit\u00e9 directeur b\u00e9n\u00e9vole compos\u00e9 de repr\u00e9sentant\u00b7es nationaux, provinciaux et territoriaux d\u2019organismes artistiques et d\u2019associations engag\u00e9es \u00e0 l\u2019\u00e9quit\u00e9 et \u00e0 l\u2019inclusion de personnes autochtones, racis\u00e9es et handicap\u00e9es dans les arts.<\/p>\n\n\n\n<p><strong><mark style=\"background-color:rgba(0, 0, 0, 0);color:#ffa400\" class=\"has-inline-color\"><strong>Autres organismes que nous soutenons&nbsp;:<\/strong><\/mark><\/strong><\/p>\n\n\n\n<p><a href=\"https:\/\/ipaa.ca\/\" target=\"_blank\" rel=\"noreferrer noopener\">Indigenous Performing Arts Alliance<\/a>&nbsp;<\/p>\n\n\n\n<p><a href=\"https:\/\/cpamo.org\/\" target=\"_blank\" rel=\"noreferrer noopener\">Cultural Pluralism in the Arts Movement Ontario<\/a><\/p>\n\n\n\n<p><a href=\"https:\/\/www.quebecdanse.org\/\" target=\"_blank\" rel=\"noreferrer noopener\">Le Regroupement qu\u00e9b\u00e9cois de la danse (RQD)<\/a><\/p>\n\n\n\n<p><a href=\"https:\/\/www.dcd.ca\/\" target=\"_blank\" rel=\"noreferrer noopener\">Dance Collection Danse<\/a><\/p>\n\n\n\n<p><a href=\"https:\/\/thedancecurrent.com\/\" target=\"_blank\" rel=\"noreferrer noopener\">The Dance Current<\/a><\/p>\n\n\n\n<p><a href=\"https:\/\/cadaontario.wildapricot.org\/\" target=\"_blank\" rel=\"noreferrer noopener\">CADA East<\/a><\/p>\n\n\n\n<p><a href=\"https:\/\/cadawest.org\/\" target=\"_blank\" rel=\"noreferrer noopener\">CADA West<\/a><\/p>\n\n\n\n<p><a href=\"https:\/\/dtrc.ca\/?lang=fr#:~:text=Fond%C3%A9%20en%201985%2C%20le%20Centre,ou%20en%20fin%20de%20carri%C3%A8re.\" target=\"_blank\" rel=\"noreferrer noopener\">Le Centre de ressources et transition pour danseurs<\/a><\/p>\n\n\n\n<p style=\"font-size:12px\">Cr\u00e9dits photo&nbsp;: Banni\u00e8re du haut (Le R\u00e9seau en quelques mots)&nbsp;\u2013 <em>This is Actively Built<\/em>, Le Projet d\u2019\u00e9change en cr\u00e9ation 2019-20, photo de Jo\u00e3o Batista Delafavela, Liam MacKenzie, St\u00e9phane Desmeules, Jessica DeWitt et Emily Gan. Images de couverture (Notre mission) : 1- Byron Chief-Moon,&nbsp;<em>Ihtsi-pai-tapi-yopa (Essence of Life)<\/em>, Le Fonds de cr\u00e9ation \u00e0 petite \u00e9chelle 2009-10, photo de Chris Randle. 2 \u2013 Kidd Pivot, <em>R\u00e9viseur<\/em>, Le Fonds de cr\u00e9ation \u00e0 grande \u00e9chelle 2018-19, photo de Michael Slobodian. 3 \u2013 RUBBERBANDance,&nbsp;<em>Quotient empirique,<\/em>&nbsp;Le Fonds de cr\u00e9ation \u00e0 petite \u00e9chelle 2012-13, photo de Tim Forbes. 4 \u2013 Out Innerspace,&nbsp;<em>Major Motion Picture<\/em>, Le Fonds de cr\u00e9ation \u00e0 petite \u00e9chelle 2014-15, photo de Wendy D. 5 \u2013 Denise Fujiwara, <em>Lost and Found<\/em>, Le Fonds de cr\u00e9ation \u00e0 petite \u00e9chelle 2008-09, photo de John Lauener. 6 \u2013 Dana Gingras,&nbsp;<em>Heart as Arena<\/em>, Le Fonds de cr\u00e9ation \u00e0 petite \u00e9chelle 2010\/11, photo by Yannick Grandmont. Banni\u00e8re du milieu (Qu&rsquo;est-ce qu\u2019un\u00b7e diffuseur\u00b7euse?), photo de Leemarc Lao. Image de couverture en bas (<mark style=\"background-color:rgba(0, 0, 0, 0)\" class=\"has-inline-color has-black-color\">Reconnaissance du territoire<\/mark>) \u2013 \u200b\u200bDancers of Damelahamid, <em>M\u00eenowin<\/em>, Le Fonds de cr\u00e9ation \u00e0 petite \u00e9chelle 2018-19, photo par Anna Springate Floch.<\/p>\n","protected":false},"excerpt":{"rendered":"<p>Le R\u00e9seau en quelques mots Forme d\u2019art fondamentale, la danse communique au-del\u00e0 des limites de la parole. Elle raccorde et c\u00e9l\u00e8bre nos diff\u00e9rences. Dans un pays \u00e9panoui&nbsp;: une \u00e9cologie artistique \u00e9panouie\u2009; dans une \u00e9cologie artistique \u00e9panouie&nbsp;: la danse. CanDanse est un r\u00e9seau national de diffusion en danse. Nous soutenons la collaboration en cr\u00e9ation et en&hellip; <a class=\"more-link\" href=\"https:\/\/candance.ca\/fr\/qui-sommes-nous\/\">Continue reading <span class=\"screen-reader-text\">Qui sommes-nous<\/span><\/a><\/p>\n","protected":false},"author":12,"featured_media":0,"parent":0,"menu_order":0,"comment_status":"closed","ping_status":"closed","template":"","meta":{"_acf_changed":false,"footnotes":""},"class_list":["post-132","page","type-page","status-publish","hentry","entry"],"acf":[],"_links":{"self":[{"href":"https:\/\/candance.ca\/fr\/wp-json\/wp\/v2\/pages\/132","targetHints":{"allow":["GET"]}}],"collection":[{"href":"https:\/\/candance.ca\/fr\/wp-json\/wp\/v2\/pages"}],"about":[{"href":"https:\/\/candance.ca\/fr\/wp-json\/wp\/v2\/types\/page"}],"author":[{"embeddable":true,"href":"https:\/\/candance.ca\/fr\/wp-json\/wp\/v2\/users\/12"}],"replies":[{"embeddable":true,"href":"https:\/\/candance.ca\/fr\/wp-json\/wp\/v2\/comments?post=132"}],"version-history":[{"count":0,"href":"https:\/\/candance.ca\/fr\/wp-json\/wp\/v2\/pages\/132\/revisions"}],"wp:attachment":[{"href":"https:\/\/candance.ca\/fr\/wp-json\/wp\/v2\/media?parent=132"}],"curies":[{"name":"wp","href":"https:\/\/api.w.org\/{rel}","templated":true}]}}